{"id":11751,"date":"2025-09-12T17:36:43","date_gmt":"2025-09-12T15:36:43","guid":{"rendered":"https:\/\/ces.gob.gt\/?page_id=11751"},"modified":"2025-09-12T17:37:18","modified_gmt":"2025-09-12T15:37:18","slug":"presentaciones-tecnicas","status":"publish","type":"page","link":"https:\/\/ces.gob.gt\/index.php\/presentaciones-tecnicas\/","title":{"rendered":"Presentaciones T\u00e9cnicas"},"content":{"rendered":"\t\t<div data-elementor-type=\"wp-page\" data-elementor-id=\"11751\" class=\"elementor elementor-11751\" data-elementor-post-type=\"page\">\n\t\t\t\t\t\t<section class=\"elementor-section elementor-top-section elementor-element elementor-element-0f17280 elementor-section-stretched elementor-section-content-middle elementor-section-boxed elementor-section-height-default elementor-section-height-default\" data-id=\"0f17280\" data-element_type=\"section\" data-settings=\"{&quot;stretch_section&quot;:&quot;section-stretched&quot;}\">\n\t\t\t\t\t\t<div class=\"elementor-container elementor-column-gap-default\">\n\t\t\t\t\t<div class=\"elementor-column elementor-col-100 elementor-top-column elementor-element elementor-element-332ba42\" data-id=\"332ba42\" data-element_type=\"column\">\n\t\t\t<div class=\"elementor-widget-wrap elementor-element-populated\">\n\t\t\t\t\t\t<section class=\"elementor-section elementor-inner-section elementor-element elementor-element-92a7f53 elementor-section-boxed elementor-section-height-default elementor-section-height-default\" data-id=\"92a7f53\" data-element_type=\"section\">\n\t\t\t\t\t\t<div class=\"elementor-container elementor-column-gap-default\">\n\t\t\t\t\t<div class=\"elementor-column elementor-col-100 elementor-inner-column elementor-element elementor-element-cba7dad\" data-id=\"cba7dad\" data-element_type=\"column\">\n\t\t\t<div class=\"elementor-widget-wrap elementor-element-populated\">\n\t\t\t\t\t\t<div class=\"elementor-element elementor-element-6e75866 elementor-widget elementor-widget-back-core-heading\" data-id=\"6e75866\" data-element_type=\"widget\" data-widget_type=\"back-core-heading.default\">\n\t\t\t\t<div class=\"elementor-widget-container\">\n\t\t\t\t\t        <div class=\"back-heading default center \">\r\n            <div class=\"title-inner\">        \t\t      \t\t\r\n\t            <span class=\"sub-text \">Consejo Econ\u00f3mico Social de Guatemala<\/span><h2 class=\"title\"><span class=\"watermark\"><\/span>Presentaciones T\u00e9cnicas<\/h2>\t        <\/div>\r\n\t                <\/div>\r\n\r\n        \t\t\t\t<\/div>\n\t\t\t\t<\/div>\n\t\t\t\t<div class=\"elementor-element elementor-element-a24e9c8 elementor-widget elementor-widget-shortcode\" data-id=\"a24e9c8\" data-element_type=\"widget\" data-widget_type=\"shortcode.default\">\n\t\t\t\t<div class=\"elementor-widget-container\">\n\t\t\t\t\t\t\t<div class=\"elementor-shortcode\">\n<table id=\"tablepress-7\" class=\"tablepress tablepress-id-7\">\n<thead>\n<tr class=\"row-1\">\n\t<th class=\"column-1\">T\u00edtulo del documento<\/th><th class=\"column-2\">Descripci\u00f3n<\/th><th class=\"column-3\">DESCARGAR<\/th>\n<\/tr>\n<\/thead>\n<tbody class=\"row-striping row-hover\">\n<tr class=\"row-2\">\n\t<td class=\"column-1\">Uni\u00f3n Internacional para la Conservaci\u00f3n de la Naturaleza, Oficina Regional para M\u00e9xico, Am\u00e9rica Central y el Caribe<\/td><td class=\"column-2\">CES (2021) Ottoniel Monterroso<br \/>\nCoordinador Proyecto GCF, KOICA<\/td><td class=\"column-3\"><a href=\"https:\/\/ces.gob.gt\/wp-content\/uploads\/2026\/02\/01_Comentarios-OM-ODM-15_compressed.pdf\">DESCARGAR<\/a><\/td>\n<\/tr>\n<tr class=\"row-3\">\n\t<td class=\"column-1\">Guatemala \u00bfQu\u00e9 pa\u00eds queremos? \"OBJETIVO DE DESARROLLO SOSTENIBLE 15: VIDA ECOSISTEMAS TERRESTRES\"<\/td><td class=\"column-2\">CES (2021) Guatemala \u00bfQu\u00e9 pa\u00eds queremos? \"OBJETIVO DE DESARROLLO SOSTENIBLE 15: VIDA ECOSISTEMAS TERRESTRES\"<\/td><td class=\"column-3\"><a href=\"https:\/\/ces.gob.gt\/wp-content\/uploads\/2026\/02\/02_ODS-15-CES-Galvez-FINAL-COMPARTIR_compressed.pdf\">DESCARGAR<\/a><\/td>\n<\/tr>\n<tr class=\"row-4\">\n\t<td class=\"column-1\">Guatemala \u00bfQu\u00e9 pa\u00eds queremos? \"OBJETIVO DE DESARROLLO SOSTENIBLE 14: VIDA SUBMARINA\"<\/td><td class=\"column-2\">CES (2021) Guatemala \u00bfQu\u00e9 pa\u00eds queremos? \"OBJETIVO DE DESARROLLO SOSTENIBLE 14: VIDA SUBMARINA\"<\/td><td class=\"column-3\"><a href=\"https:\/\/ces.gob.gt\/wp-content\/uploads\/2026\/02\/03_ODS-14-CES-FINAL_compressed.pdf\">DESCARGAR<\/a><\/td>\n<\/tr>\n<tr class=\"row-5\">\n\t<td class=\"column-1\">El Sistema de Servicio Civil, Una propuesta para su fortalecimiento<\/td><td class=\"column-2\">Fundaci\u00f3n 20-20 ( Marzo 2021)<\/td><td class=\"column-3\"><a href=\"https:\/\/ces.gob.gt\/wp-content\/uploads\/2026\/02\/04_Servicio-Civil-Presentacion-a-CES.pdf\">DESCARGA<\/a><\/td>\n<\/tr>\n<tr class=\"row-6\">\n\t<td class=\"column-1\">Ruta Estrat\u00e9gica Propuesta<br \/>\nInstituto Nacional de Estad\u00edstica<\/td><td class=\"column-2\">INE (2021) Febrero 2021<\/td><td class=\"column-3\"><a href=\"https:\/\/ces.gob.gt\/wp-content\/uploads\/2026\/02\/05_CES-24-de-febrero-2021-INE_compressed.pdf\">DESCARGAR<\/a><\/td>\n<\/tr>\n<tr class=\"row-7\">\n\t<td class=\"column-1\">Guatemala \u00bfQu\u00e9 pa\u00eds queremos? \"OBJETIVO DE DESARROLLO SOSTENIBLE 12: PRODUCCI\u00d3N Y CONSUMO RESPONSABLE\"<\/td><td class=\"column-2\">CES (2021) Presentaci\u00f3n \"OBJETIVO DE DESARROLLO SOSTENIBLE 12: PRODUCCI\u00d3N Y CONSUMO RESPONSABLE\"<\/td><td class=\"column-3\"><a href=\"https:\/\/ces.gob.gt\/wp-content\/uploads\/2026\/02\/06_ODS-12-CES-FINAL_compressed.pdf\">DESCARGA<\/a><\/td>\n<\/tr>\n<tr class=\"row-8\">\n\t<td class=\"column-1\">Guatemala \u00bfQu\u00e9 pa\u00eds queremos? \"OBJETIVO DE DESARROLLO SOSTENIBLE 13: ACCI\u00d3N POR EL CLIMA\"<\/td><td class=\"column-2\">CES (2021) Presentaci\u00f3n \"OBJETIVO DE DESARROLLO SOSTENIBLE 13: ACCI\u00d3N POR EL CLIMA\"<\/td><td class=\"column-3\"><a href=\"https:\/\/ces.gob.gt\/wp-content\/uploads\/2026\/02\/07_Presentacion-CES-enero-29-2021-VK_compressed.pdf\">DESCARGA<\/a><\/td>\n<\/tr>\n<tr class=\"row-9\">\n\t<td class=\"column-1\">Guatemala \u00bfQu\u00e9 pa\u00eds queremos? \"OBJETIVO DE DESARROLLO SOSTENIBLE 11: Ciudades y comunidades sostenibles\"<\/td><td class=\"column-2\">CES (2020) Presentaci\u00f3n \"OBJETIVO DE DESARROLLO SOSTENIBLE 11: Ciudades y comunidades sostenibles\"<\/td><td class=\"column-3\"><a href=\"https:\/\/ces.gob.gt\/wp-content\/uploads\/2026\/02\/08_Presentacion-CES-0DS11-QGGG-version-final_compressed.pdf\">DESCARGA<\/a><\/td>\n<\/tr>\n<tr class=\"row-10\">\n\t<td class=\"column-1\">Guatemala \u00bfQu\u00e9 pa\u00eds queremos? \"OBJETIVO DE DESARROLLO SOSTENIBLE 10: Reducci\u00f3n de la Desigualdad\"<\/td><td class=\"column-2\">CES (2020) Presentaci\u00f3n \"OBJETIVO DE DESARROLLO SOSTENIBLE 10: Reducci\u00f3n de la Desigualdad\"<\/td><td class=\"column-3\"><a href=\"https:\/\/ces.gob.gt\/wp-content\/uploads\/2026\/02\/09_PPT-ODS-10-v2-VERSION-FINAL_compressed.pdf\">DESCARGAR<\/a><\/td>\n<\/tr>\n<tr class=\"row-11\">\n\t<td class=\"column-1\">Guatemala \u00bfQu\u00e9 pa\u00eds queremos? \"Igualdad de G\u00e9nero ODS 5\"<\/td><td class=\"column-2\">CES (2020) Presentaci\u00f3n \"Igualdad de G\u00e9nero ODS 5\" en el marco de los Foros Tem\u00e1ticos Guatemala \u00bfQu\u00e9 pa\u00eds queremos?<\/td><td class=\"column-3\"><a href=\"https:\/\/ces.gob.gt\/wp-content\/uploads\/2026\/02\/10_PPT-ODS-5_compressed.pdf\">DESCARGA<\/a><br \/>\n<\/td>\n<\/tr>\n<tr class=\"row-12\">\n\t<td class=\"column-1\">Guatemala \u00bfQu\u00e9 pa\u00eds queremos? \"OBJETIVO DE DESARROLLO SOSTENIBLE 6 y 7: <br \/>\nAgua Limpia y Saneamiento + Energ\u00eda Asequible\"<\/td><td class=\"column-2\">CES (2020) Presentaci\u00f3n \"OBJETIVO DE DESARROLLO SOSTENIBLE 6 y 7: <br \/>\nAgua Limpia y Saneamiento + Energ\u00eda Asequible\" en el marco de los Foros Tem\u00e1ticos Guatemala \u00bfQu\u00e9 pa\u00eds queremos?<br \/>\n<\/td><td class=\"column-3\"><a href=\"https:\/\/ces.gob.gt\/wp-content\/uploads\/2026\/02\/11_PPT-ODC-6-Y-7_compressed.pdf\">DESCARGA<\/a><\/td>\n<\/tr>\n<tr class=\"row-13\">\n\t<td class=\"column-1\">Guatemala \u00bfQu\u00e9 pa\u00eds queremos? \"Trabajo decente y crecimiento Econ\u00f3mico ODS 8\".<\/td><td class=\"column-2\">CES (2020) Presentaci\u00f3n \"Trabajo decente y crecimiento Econ\u00f3mico ODS 8\" en el marco de los Foros Tem\u00e1ticos Guatemala \u00bfQu\u00e9 pa\u00eds queremos?  <br \/>\n<\/td><td class=\"column-3\"><a href=\"https:\/\/ces.gob.gt\/wp-content\/uploads\/2026\/02\/12_PPT-ODS-8_compressed.pdf\">DESCARGAR<\/a><\/td>\n<\/tr>\n<tr class=\"row-14\">\n\t<td class=\"column-1\">Guatemala \u00bfQu\u00e9 pa\u00eds queremos? \"Educaci\u00f3n de Calidad ODS 4\".<\/td><td class=\"column-2\">CES (2020) Presentaci\u00f3n \"Educaci\u00f3n de Calidad ODS 4\" en el marco de los Foros Tem\u00e1ticos Guatemala \u00bfQu\u00e9 pa\u00eds queremos?  <br \/>\n<\/td><td class=\"column-3\"><a href=\"https:\/\/ces.gob.gt\/wp-content\/uploads\/2026\/02\/13_Educacion-Objetivo.pdf\">DESCARGAR<\/a><\/td>\n<\/tr>\n<tr class=\"row-15\">\n\t<td class=\"column-1\">Guatemala \u00bfQu\u00e9 pa\u00eds queremos? Qu\u00e9 es el CES<\/td><td class=\"column-2\">CES. (2020) Presentaci\u00f3n institucional sobre el Consejo Econ\u00f3mico y Social de Guatemala.<\/td><td class=\"column-3\"><a href=\"https:\/\/ces.gob.gt\/wp-content\/uploads\/2026\/02\/BL_CES.pdf\">DESCARGA<\/a><\/td>\n<\/tr>\n<tr class=\"row-16\">\n\t<td class=\"column-1\">Guatemala \u00bfQu\u00e9 pa\u00eds queremos? Integraci\u00f3n de las agendas de desarrollo<\/td><td class=\"column-2\">Segeplan. (2020) Presentaci\u00f3n institucional de Segeplan sobre la integraci\u00f3n de las agendas de desarrollo <\/td><td class=\"column-3\"><a href=\"https:\/\/ces.gob.gt\/wp-content\/uploads\/2026\/02\/14_Presentacion-Integracion-ODS-PGG-CES.pdf\">DESCARGA<\/a><\/td>\n<\/tr>\n<tr class=\"row-17\">\n\t<td class=\"column-1\">Guatemala \u00bfQu\u00e9 pa\u00eds queremos? Marco general de los Objetivos de Desarrollo Sostenible y ODS1 Fin de la Pobreza<\/td><td class=\"column-2\">CES. (2020) Presentaci\u00f3n Foro Tem\u00e1tico: Guatemala \u00bfQu\u00e9 pa\u00eds queremos? Marco general de los ODS. Situaci\u00f3n en la regi\u00f3n. Situaci\u00f3n actual y los desaf\u00edos para alcanzar el ODS 1. Fin de la Pobreza<\/td><td class=\"column-3\"><a href=\"https:\/\/ces.gob.gt\/wp-content\/uploads\/2026\/02\/15_Presentacion-CES-Foro-Tematico-Agenda-2030-y-ODS-1.pdf\">DESCARGA<\/a><\/td>\n<\/tr>\n<tr class=\"row-18\">\n\t<td class=\"column-1\">Guatemala \u00bfQu\u00e9 pa\u00eds queremos? ODS 2 Hambre Cero y ODS 3 Salud y Bienestar<\/td><td class=\"column-2\">CES. (2020) Presentaci\u00f3n Foro Tem\u00e1tico: Guatemala \u00bfQu\u00e9 pa\u00eds queremos? Situaci\u00f3n actual y los desaf\u00edos para alcanzar el ODS 2 Hambre Cero y ODS 3 Salud y Bienestar<\/td><td class=\"column-3\"><a href=\"https:\/\/ces.gob.gt\/wp-content\/uploads\/2026\/02\/16_Presentacion-CES-Foro-Tematico-Agenda-2030-y-ODS-2-y-3_compressed-1.pdf\">DESCARGA<\/a><\/td>\n<\/tr>\n<tr class=\"row-19\">\n\t<td class=\"column-1\">An\u00e1lisis de la Gu\u00eda Conceptual de Planificaci\u00f3n y Presupuesto por Resultados para el Sector P\u00fablico de Guatemala<\/td><td class=\"column-2\">CES (2019) Presentaci\u00f3n del taller de An\u00e1lisis de la Gu\u00eda Conceptual de Planificaci\u00f3n y Presupuesto por Resultados, impartido por el Departamento de Normatividad y Desarrollo de la Direcci\u00f3n T\u00e9cnica del Presupuesto del Ministerio de Finanzas P\u00fablicas<\/td><td class=\"column-3\"><a href=\"https:\/\/ces.gob.gt\/wp-content\/uploads\/2026\/02\/17_PRESENTACION-GESTION-POR-RESULTADOS-CES.pdf\">DESCARGA<\/a><\/td>\n<\/tr>\n<tr class=\"row-20\">\n\t<td class=\"column-1\">La guerra, la paz y el post conflicto<\/td><td class=\"column-2\">CES (2019) Los procesos de formaci\u00f3n de instituciones en sociedades en transformaci\u00f3n, el caso del CES Guatemala. Guatemala: Consejo Econ\u00f3mico y Social de Guatemala<\/td><td class=\"column-3\"><a href=\"https:\/\/ces.gob.gt\/wp-content\/uploads\/2026\/02\/18_PPT-EVENTO-CARTAGENA.pdf\">DESCARGA<\/a><\/td>\n<\/tr>\n<tr class=\"row-21\">\n\t<td class=\"column-1\">Pol\u00edticas P\u00fablicas y Gesti\u00f3n Institucional &amp; \u00c9tica e Integridad en la Funci\u00f3n P\u00fablica<\/td><td class=\"column-2\">CES (2019) Presentaci\u00f3n acerca de los fundamentos te\u00f3ricos de las pol\u00edticas p\u00fablicas, su relaci\u00f3n con la gesti\u00f3n gubernamental y sus implicaciones desde la \u00e9tica e integridad en la funci\u00f3n p\u00fablica<\/td><td class=\"column-3\"><a href=\"https:\/\/ces.gob.gt\/wp-content\/uploads\/2026\/02\/19_1Calonso-Politicas-Seminario-Staff-CES-25-4-19.pdf\">DESCARGA<\/a><\/td>\n<\/tr>\n<tr class=\"row-22\">\n\t<td class=\"column-1\">De las Pol\u00edticas P\u00fablicas a la Acci\u00f3n Institucional<\/td><td class=\"column-2\">CES (2019) Presentaci\u00f3n de las Pol\u00edticas P\u00fablicas a la Acci\u00f3n Institucional<\/td><td class=\"column-3\"><a href=\"https:\/\/drive.google.com\/open?id=1XCpFg9sSIOk0U_qeCYmqVzWVu35SqPJo\">DESCARGA<\/a><\/td>\n<\/tr>\n<tr class=\"row-23\">\n\t<td class=\"column-1\">De las Pol\u00edticas a las Pol\u00edticas P\u00fablicas y Gesti\u00f3n Institucional <\/td><td class=\"column-2\">CES (2019) Presentaci\u00f3n acerca de c\u00f3mo se articulan las pol\u00edticas p\u00fablicas a la gesti\u00f3n institucional. Guatemala: Consejo Econ\u00f3mico y Social de Guatemala<\/td><td class=\"column-3\"><a href=\"https:\/\/ces.gob.gt\/wp-content\/uploads\/2026\/02\/20_2-Calonso-Gtion-publica-Seminari-Staff-CES-25-4-19.pdf\">DESCARGA<\/a><\/td>\n<\/tr>\n<tr class=\"row-24\">\n\t<td class=\"column-1\">\u00c9tica e Integridad en la Funci\u00f3n P\u00fablica.<\/td><td class=\"column-2\">CES (2019) Presentaci\u00f3n acerca de \u00bfQu\u00e9 implicaciones vinculan la gesti\u00f3n institucional del estado con la \u00e9tica e integridad de la funci\u00f3n p\u00fablica? Guatemala: Consejo Econ\u00f3mico y Social de Guatemala<\/td><td class=\"column-3\"><a href=\"https:\/\/ces.gob.gt\/wp-content\/uploads\/2026\/02\/21_3-Calonso-Etica-Seminario-Staff-CES-25-4-19.pdf\">DESCARGA<\/a><\/td>\n<\/tr>\n<tr class=\"row-25\">\n\t<td class=\"column-1\">Elementos clave que limitan el impacto de las estrategias y programas de gobierno en materia de desnutrici\u00f3n cr\u00f3nica<\/td><td class=\"column-2\">CES (2019) Identificaci\u00f3n de las condiciones que limitan que las intervenciones en materia de desnutrici\u00f3n cr\u00f3nica no tengan el impacto esperado en Guatemala. Guatemala: Consejo Econ\u00f3mico y Social de Guatemala<\/td><td class=\"column-3\"><a href=\"https:\/\/ces.gob.gt\/wp-content\/uploads\/2026\/02\/22_PRESENTACION-CES-DES-CRO-final.pdf\" rel=\"noopener\" target=\"_blank\">DESCARGAR<\/a><\/td>\n<\/tr>\n<\/tbody>\n<\/table>\n<!-- #tablepress-7 from cache --><\/div>\n\t\t\t\t\t\t<\/div>\n\t\t\t\t<\/div>\n\t\t\t\t\t<\/div>\n\t\t<\/div>\n\t\t\t\t\t<\/div>\n\t\t<\/section>\n\t\t\t\t\t<\/div>\n\t\t<\/div>\n\t\t\t\t\t<\/div>\n\t\t<\/section>\n\t\t\t\t<\/div>\n\t\t","protected":false},"excerpt":{"rendered":"<p>Consejo Econ\u00f3mico Social de Guatemala Presentaciones T\u00e9cnicas<\/p>\n","protected":false},"author":1,"featured_media":0,"parent":0,"menu_order":0,"comment_status":"closed","ping_status":"closed","template":"elementor_header_footer","meta":{"footnotes":""},"class_list":["post-11751","page","type-page","status-publish","hentry"],"_links":{"self":[{"href":"https:\/\/ces.gob.gt\/index.php\/wp-json\/wp\/v2\/pages\/11751","targetHints":{"allow":["GET"]}}],"collection":[{"href":"https:\/\/ces.gob.gt\/index.php\/wp-json\/wp\/v2\/pages"}],"about":[{"href":"https:\/\/ces.gob.gt\/index.php\/wp-json\/wp\/v2\/types\/page"}],"author":[{"embeddable":true,"href":"https:\/\/ces.gob.gt\/index.php\/wp-json\/wp\/v2\/users\/1"}],"replies":[{"embeddable":true,"href":"https:\/\/ces.gob.gt\/index.php\/wp-json\/wp\/v2\/comments?post=11751"}],"version-history":[{"count":4,"href":"https:\/\/ces.gob.gt\/index.php\/wp-json\/wp\/v2\/pages\/11751\/revisions"}],"predecessor-version":[{"id":11755,"href":"https:\/\/ces.gob.gt\/index.php\/wp-json\/wp\/v2\/pages\/11751\/revisions\/11755"}],"wp:attachment":[{"href":"https:\/\/ces.gob.gt\/index.php\/wp-json\/wp\/v2\/media?parent=11751"}],"curies":[{"name":"wp","href":"https:\/\/api.w.org\/{rel}","templated":true}]}}